{"id":6409,"date":"2026-03-06T13:02:19","date_gmt":"2026-03-06T12:02:19","guid":{"rendered":"https:\/\/esdi-ev.de\/?page_id=6409"},"modified":"2026-04-09T15:06:33","modified_gmt":"2026-04-09T13:06:33","slug":"elektroumbau-kosten","status":"publish","type":"page","link":"https:\/\/esdi-ev.de\/en\/elektroumbau-kosten\/","title":{"rendered":"Electric Conversion Costs: The Complete Price Guide"},"content":{"rendered":"<div data-elementor-type=\"wp-page\" data-elementor-id=\"6409\" class=\"elementor elementor-6409 elementor-bc-flex-widget\">\n\t\t\t\t\t\t<section class=\"ob-is-breaking-bad elementor-section elementor-top-section elementor-element elementor-element-kostenhero elementor-section-boxed elementor-section-height-default elementor-section-height-default\" data-id=\"kostenhero\" data-element_type=\"section\" data-e-type=\"section\" data-settings=\"{&quot;background_background&quot;:&quot;classic&quot;,&quot;_ob_bbad_use_it&quot;:&quot;yes&quot;,&quot;_ob_bbad_sssic_use&quot;:&quot;no&quot;,&quot;_ob_glider_is_slider&quot;:&quot;no&quot;}\">\r\n\t\t\t\t\t\t<div class=\"elementor-container elementor-column-gap-thegem\"><div class=\"elementor-row\">\r\n\t\t\t\t\t<div class=\"elementor-column elementor-col-100 elementor-top-column elementor-element elementor-element-kostencol1\" data-id=\"kostencol1\" data-element_type=\"column\" data-e-type=\"column\" data-settings=\"{&quot;_ob_bbad_is_stalker&quot;:&quot;no&quot;,&quot;_ob_teleporter_use&quot;:false,&quot;_ob_column_hoveranimator&quot;:&quot;no&quot;,&quot;_ob_column_has_pseudo&quot;:&quot;no&quot;}\">\n\t\t\t<div class=\"elementor-widget-wrap elementor-element-populated\">\n\t\t\t\t\t\t<div class=\"elementor-element elementor-element-kh1 ob-harakiri-inherit flex-horizontal-align-default flex-horizontal-align-tablet-default flex-horizontal-align-mobile-default flex-vertical-align-default flex-vertical-align-tablet-default flex-vertical-align-mobile-default ob-has-background-overlay elementor-widget elementor-widget-heading\" data-id=\"kh1\" data-element_type=\"widget\" data-e-type=\"widget\" data-settings=\"{&quot;_ob_use_harakiri&quot;:&quot;yes&quot;,&quot;_ob_harakiri_writing_mode&quot;:&quot;inherit&quot;,&quot;_ob_harakiri_text_clip&quot;:&quot;none&quot;,&quot;_ob_perspektive_use&quot;:&quot;no&quot;,&quot;_ob_poopart_use&quot;:&quot;yes&quot;,&quot;_ob_shadough_use&quot;:&quot;no&quot;,&quot;_ob_allow_hoveranimator&quot;:&quot;no&quot;,&quot;_ob_widget_stalker_use&quot;:&quot;no&quot;}\" data-widget_type=\"heading.default\">\n\t\t\t\t<div class=\"elementor-widget-container\">\n\t\t\t\t\t<h2 class=\"elementor-heading-title elementor-size-default\">Elektroumbau Kosten 2026<\/h2>\t\t\t\t<\/div>\n\t\t\t\t<\/div>\n\t\t\t\t<div class=\"elementor-element elementor-element-kh1sub ob-harakiri-inherit flex-horizontal-align-default flex-horizontal-align-tablet-default flex-horizontal-align-mobile-default flex-vertical-align-default flex-vertical-align-tablet-default flex-vertical-align-mobile-default ob-has-background-overlay elementor-widget elementor-widget-heading\" data-id=\"kh1sub\" data-element_type=\"widget\" data-e-type=\"widget\" data-settings=\"{&quot;_ob_use_harakiri&quot;:&quot;yes&quot;,&quot;_ob_harakiri_writing_mode&quot;:&quot;inherit&quot;,&quot;_ob_harakiri_text_clip&quot;:&quot;none&quot;,&quot;_ob_perspektive_use&quot;:&quot;no&quot;,&quot;_ob_poopart_use&quot;:&quot;yes&quot;,&quot;_ob_shadough_use&quot;:&quot;no&quot;,&quot;_ob_allow_hoveranimator&quot;:&quot;no&quot;,&quot;_ob_widget_stalker_use&quot;:&quot;no&quot;}\" data-widget_type=\"heading.default\">\n\t\t\t\t<div class=\"elementor-widget-container\">\n\t\t\t\t\t<h2 class=\"elementor-heading-title elementor-size-default\">Was kostet der Elektro-Umbau f\u00fcr deinen Oldtimer?<\/h2>\t\t\t\t<\/div>\n\t\t\t\t<\/div>\n\t\t\t\t<div class=\"elementor-element elementor-element-kdiv elementor-widget-divider--view-line flex-horizontal-align-default flex-horizontal-align-tablet-default flex-horizontal-align-mobile-default flex-vertical-align-default flex-vertical-align-tablet-default flex-vertical-align-mobile-default ob-has-background-overlay elementor-widget elementor-widget-divider\" data-id=\"kdiv\" data-element_type=\"widget\" data-e-type=\"widget\" data-settings=\"{&quot;_ob_perspektive_use&quot;:&quot;no&quot;,&quot;_ob_poopart_use&quot;:&quot;yes&quot;,&quot;_ob_shadough_use&quot;:&quot;no&quot;,&quot;_ob_allow_hoveranimator&quot;:&quot;no&quot;,&quot;_ob_widget_stalker_use&quot;:&quot;no&quot;}\" data-widget_type=\"divider.default\">\n\t\t\t\t<div class=\"elementor-widget-container\">\n\t\t\t\t\t\t\t<div class=\"elementor-divider\">\n\t\t\t<span class=\"elementor-divider-separator\">\n\t\t\t\t\t\t<\/span>\n\t\t<\/div>\n\t\t\t\t\t\t<\/div>\n\t\t\t\t<\/div>\n\t\t\t\t<div class=\"elementor-element elementor-element-kintro ob-harakiri-inherit flex-horizontal-align-default flex-horizontal-align-tablet-default flex-horizontal-align-mobile-default flex-vertical-align-default flex-vertical-align-tablet-default flex-vertical-align-mobile-default ob-has-background-overlay elementor-widget elementor-widget-text-editor\" data-id=\"kintro\" data-element_type=\"widget\" data-e-type=\"widget\" data-settings=\"{&quot;_ob_use_harakiri&quot;:&quot;yes&quot;,&quot;_ob_harakiri_writing_mode&quot;:&quot;inherit&quot;,&quot;_ob_postman_use&quot;:&quot;no&quot;,&quot;_ob_perspektive_use&quot;:&quot;no&quot;,&quot;_ob_poopart_use&quot;:&quot;yes&quot;,&quot;_ob_shadough_use&quot;:&quot;no&quot;,&quot;_ob_allow_hoveranimator&quot;:&quot;no&quot;,&quot;_ob_widget_stalker_use&quot;:&quot;no&quot;}\" data-widget_type=\"text-editor.default\">\n\t\t\t\t<div class=\"elementor-widget-container\">\n\t\t\t\t\t\t\t\t\t\t\t\t<div class=\"elementor-text-editor elementor-clearfix\">\r\n\t\t\t\t\t\t<p style=\"color:#ccc;font-size:17px;\">Die Kosten f\u00fcr einen Elektroumbau h\u00e4ngen von Fahrzeugtyp, gew\u00fcnschter Leistung und Batteriegr\u00f6\u00dfe ab. Auf dieser Seite findest du eine transparente \u00dcbersicht aller Preise \u2013 vom Kit bis zum fertigen Umbau. Alle Preise inkl. MwSt., Stand M\u00e4rz 2026.<\/p>\t\t\t\t\t\t\t<\/div>\r\n\t\t\t\t\t\t\t\t\t\t<\/div>\n\t\t\t\t<\/div>\n\t\t\t\t\t<\/div>\n\t\t<\/div>\n\t\t\t\t\t<\/div><\/div>\r\n\t\t<\/section>\r\n\t\t\t\t<section class=\"ob-is-breaking-bad elementor-section elementor-top-section elementor-element elementor-element-kostenvergleich elementor-section-boxed elementor-section-height-default elementor-section-height-default\" data-id=\"kostenvergleich\" data-element_type=\"section\" data-e-type=\"section\" data-settings=\"{&quot;background_background&quot;:&quot;classic&quot;,&quot;_ob_bbad_use_it&quot;:&quot;yes&quot;,&quot;_ob_bbad_sssic_use&quot;:&quot;no&quot;,&quot;_ob_glider_is_slider&quot;:&quot;no&quot;}\">\r\n\t\t\t\t\t\t<div class=\"elementor-container elementor-column-gap-thegem\"><div class=\"elementor-row\">\r\n\t\t\t\t\t<div class=\"elementor-column elementor-col-100 elementor-top-column elementor-element elementor-element-kvcol\" data-id=\"kvcol\" data-element_type=\"column\" data-e-type=\"column\" data-settings=\"{&quot;_ob_bbad_is_stalker&quot;:&quot;no&quot;,&quot;_ob_teleporter_use&quot;:false,&quot;_ob_column_hoveranimator&quot;:&quot;no&quot;,&quot;_ob_column_has_pseudo&quot;:&quot;no&quot;}\">\n\t\t\t<div class=\"elementor-widget-wrap elementor-element-populated\">\n\t\t\t\t\t\t<div class=\"elementor-element elementor-element-kvh ob-harakiri-inherit flex-horizontal-align-default flex-horizontal-align-tablet-default flex-horizontal-align-mobile-default flex-vertical-align-default flex-vertical-align-tablet-default flex-vertical-align-mobile-default ob-has-background-overlay elementor-widget elementor-widget-heading\" data-id=\"kvh\" data-element_type=\"widget\" data-e-type=\"widget\" data-settings=\"{&quot;_ob_use_harakiri&quot;:&quot;yes&quot;,&quot;_ob_harakiri_writing_mode&quot;:&quot;inherit&quot;,&quot;_ob_harakiri_text_clip&quot;:&quot;none&quot;,&quot;_ob_perspektive_use&quot;:&quot;no&quot;,&quot;_ob_poopart_use&quot;:&quot;yes&quot;,&quot;_ob_shadough_use&quot;:&quot;no&quot;,&quot;_ob_allow_hoveranimator&quot;:&quot;no&quot;,&quot;_ob_widget_stalker_use&quot;:&quot;no&quot;}\" data-widget_type=\"heading.default\">\n\t\t\t\t<div class=\"elementor-widget-container\">\n\t\t\t\t\t<h2 class=\"elementor-heading-title elementor-size-default\">Preis\u00fcbersicht nach Fahrzeugmodell<\/h2>\t\t\t\t<\/div>\n\t\t\t\t<\/div>\n\t\t\t\t<div class=\"elementor-element elementor-element-kvdiv elementor-widget-divider--view-line flex-horizontal-align-default flex-horizontal-align-tablet-default flex-horizontal-align-mobile-default flex-vertical-align-default flex-vertical-align-tablet-default flex-vertical-align-mobile-default ob-has-background-overlay elementor-widget elementor-widget-divider\" data-id=\"kvdiv\" data-element_type=\"widget\" data-e-type=\"widget\" data-settings=\"{&quot;_ob_perspektive_use&quot;:&quot;no&quot;,&quot;_ob_poopart_use&quot;:&quot;yes&quot;,&quot;_ob_shadough_use&quot;:&quot;no&quot;,&quot;_ob_allow_hoveranimator&quot;:&quot;no&quot;,&quot;_ob_widget_stalker_use&quot;:&quot;no&quot;}\" data-widget_type=\"divider.default\">\n\t\t\t\t<div class=\"elementor-widget-container\">\n\t\t\t\t\t\t\t<div class=\"elementor-divider\">\n\t\t\t<span class=\"elementor-divider-separator\">\n\t\t\t\t\t\t<\/span>\n\t\t<\/div>\n\t\t\t\t\t\t<\/div>\n\t\t\t\t<\/div>\n\t\t\t\t<div class=\"elementor-element elementor-element-kvtable ob-harakiri-inherit flex-horizontal-align-default flex-horizontal-align-tablet-default flex-horizontal-align-mobile-default flex-vertical-align-default flex-vertical-align-tablet-default flex-vertical-align-mobile-default ob-has-background-overlay elementor-widget elementor-widget-text-editor\" data-id=\"kvtable\" data-element_type=\"widget\" data-e-type=\"widget\" data-settings=\"{&quot;_ob_use_harakiri&quot;:&quot;yes&quot;,&quot;_ob_harakiri_writing_mode&quot;:&quot;inherit&quot;,&quot;_ob_postman_use&quot;:&quot;no&quot;,&quot;_ob_perspektive_use&quot;:&quot;no&quot;,&quot;_ob_poopart_use&quot;:&quot;yes&quot;,&quot;_ob_shadough_use&quot;:&quot;no&quot;,&quot;_ob_allow_hoveranimator&quot;:&quot;no&quot;,&quot;_ob_widget_stalker_use&quot;:&quot;no&quot;}\" data-widget_type=\"text-editor.default\">\n\t\t\t\t<div class=\"elementor-widget-container\">\n\t\t\t\t\t\t\t\t\t\t\t\t<div class=\"elementor-text-editor elementor-clearfix\">\r\n\t\t\t\t\t\t<style>.cost-table{width:100%;border-collapse:collapse;margin:20px 0;font-size:15px}.cost-table th{background:#1a1a2e;color:#b6c6c9;padding:14px 16px;text-align:left;font-weight:600;border-bottom:2px solid #333}.cost-table td{padding:12px 16px;border-bottom:1px solid #222;color:#ccc}.cost-table tr:hover{background:#111}.cost-table .price{color:#4ade80;font-weight:600}.cost-table .model{color:#fff;font-weight:600}<\/style><table class=\"cost-table\"><thead><tr><th>Vehicle<\/th><th>Kit-Preis (ab)<\/th><th>Komplettumbau (ab)<\/th><th>Performance<\/th><th>Range<\/th><\/tr><\/thead><tbody><tr><td class=\"model\">Porsche 911 (F\/G)<\/td><td class=\"price\">44.990 \u20ac<\/td><td class=\"price\">55.000\u201385.000 \u20ac<\/td><td>150\u2013600 PS<\/td><td>200\u2013350 km<\/td><\/tr><tr><td class=\"model\">Porsche 964<\/td><td class=\"price\">44.990 \u20ac<\/td><td class=\"price\">55.000\u201380.000 \u20ac<\/td><td>150\u2013550 PS<\/td><td>200\u2013350 km<\/td><\/tr><tr><td class=\"model\">VW Beetle<\/td><td class=\"price\">24.990 \u20ac<\/td><td class=\"price\">30.000\u201345.000 \u20ac<\/td><td>150 PS<\/td><td>120\u2013250 km<\/td><\/tr><tr><td class=\"model\">VW T1 Bulli<\/td><td class=\"price\">34.990 \u20ac<\/td><td class=\"price\">45.000\u201365.000 \u20ac<\/td><td>150 PS<\/td><td>150\u2013300 km<\/td><\/tr><tr><td class=\"model\">VW T2 Bus<\/td><td class=\"price\">29.990 \u20ac<\/td><td class=\"price\">40.000\u201355.000 \u20ac<\/td><td>150 PS<\/td><td>150\u2013280 km<\/td><\/tr><tr><td class=\"model\">VW T3<\/td><td class=\"price\">29.990 \u20ac<\/td><td class=\"price\">40.000\u201360.000 \u20ac<\/td><td>200\u2013300 PS<\/td><td>180\u2013320 km<\/td><\/tr><\/tbody><\/table><p style=\"color:#666;font-size:13px;margin-top:10px\">* Kit-Preise ohne Einbau. Komplettumbau inkl. Einbau, T\u00dcV-Dokumentation und Inbetriebnahme. Individuelle Konfigurationen auf Anfrage.<\/p>\t\t\t\t\t\t\t<\/div>\r\n\t\t\t\t\t\t\t\t\t\t<\/div>\n\t\t\t\t<\/div>\n\t\t\t\t<div class=\"elementor-element elementor-element-kvtext ob-harakiri-inherit flex-horizontal-align-default flex-horizontal-align-tablet-default flex-horizontal-align-mobile-default flex-vertical-align-default flex-vertical-align-tablet-default flex-vertical-align-mobile-default ob-has-background-overlay elementor-widget elementor-widget-text-editor\" data-id=\"kvtext\" data-element_type=\"widget\" data-e-type=\"widget\" data-settings=\"{&quot;_ob_use_harakiri&quot;:&quot;yes&quot;,&quot;_ob_harakiri_writing_mode&quot;:&quot;inherit&quot;,&quot;_ob_postman_use&quot;:&quot;no&quot;,&quot;_ob_perspektive_use&quot;:&quot;no&quot;,&quot;_ob_poopart_use&quot;:&quot;yes&quot;,&quot;_ob_shadough_use&quot;:&quot;no&quot;,&quot;_ob_allow_hoveranimator&quot;:&quot;no&quot;,&quot;_ob_widget_stalker_use&quot;:&quot;no&quot;}\" data-widget_type=\"text-editor.default\">\n\t\t\t\t<div class=\"elementor-widget-container\">\n\t\t\t\t\t\t\t\t\t\t\t\t<div class=\"elementor-text-editor elementor-clearfix\">\r\n\t\t\t\t\t\t<h3 style=\"color:#b6c6c9;margin-top:40px;\">Was ist im Kit-Preis enthalten?<\/h3><p style=\"color:#ccc;\">Jedes ESDI EV Kit enth\u00e4lt: Elektromotor (Tesla LDU), Motoradapter, Batteriemodul(e), Battery Management System (BMS), Hochvolt-Kabelbaum, Niedervolt-Kabelbaum, DC\/DC-Wandler, Ladeger\u00e4t (AC 10 kW), CCS-Ladebuchse (Typ 2), K\u00fchlsystem, digitales Fahrzeug-Display, Steuerger\u00e4t und die komplette T\u00dcV-Dokumentation. Alle Komponenten sind vormontiert und als Plug-and-Play-System konzipiert.<\/p><h3 style=\"color:#b6c6c9;margin-top:30px;\">Was kommt zum Kit-Preis noch dazu?<\/h3><p style=\"color:#ccc;\">Zus\u00e4tzlich zum Kit fallen an: <strong>Einbaukosten<\/strong> (3.000\u201310.000 \u20ac je nach Werkstatt und Fahrzeugzustand), <strong>T\u00dcV-Abnahme<\/strong> (ca. 300\u2013500 \u20ac), <strong>Lackierung\/Anpassungen<\/strong> (optional, falls gew\u00fcnscht) und ggf. <strong>Versandkosten<\/strong>. Bei Einbau in unserer Werkstatt in Herford sind Einbau und T\u00dcV-Abnahme im Komplettumbau-Preis enthalten.<\/p><h3 style=\"color:#b6c6c9;margin-top:30px;\">Laufende Kosten nach dem Umbau<\/h3><p style=\"color:#ccc;\">Die laufenden Kosten eines Elektro-Oldtimers sind deutlich niedriger als beim Verbrenner: <strong>Strom statt Benzin<\/strong> (ca. 4\u20136 \u20ac\/100 km statt 12\u201318 \u20ac), <strong>keine \u00d6lwechsel<\/strong>, <strong>kaum Bremsenverschlei\u00df<\/strong> (dank Rekuperation), <strong>KFZ-Steuerbefreiung<\/strong> f\u00fcr 10 Jahre und <strong>g\u00fcnstigere Versicherung<\/strong> in vielen F\u00e4llen. \u00dcber 5 Jahre sparst du typischerweise 5.000\u201310.000 \u20ac gegen\u00fcber dem Verbrenner-Betrieb.<\/p>\t\t\t\t\t\t\t<\/div>\r\n\t\t\t\t\t\t\t\t\t\t<\/div>\n\t\t\t\t<\/div>\n\t\t\t\t\t<\/div>\n\t\t<\/div>\n\t\t\t\t\t<\/div><\/div>\r\n\t\t<\/section>\r\n\t\t\t\t<section class=\"ob-is-breaking-bad elementor-section elementor-top-section elementor-element elementor-element-kostenfaq elementor-section-boxed elementor-section-height-default elementor-section-height-default\" data-id=\"kostenfaq\" data-element_type=\"section\" data-e-type=\"section\" data-settings=\"{&quot;background_background&quot;:&quot;classic&quot;,&quot;_ob_bbad_use_it&quot;:&quot;yes&quot;,&quot;_ob_bbad_sssic_use&quot;:&quot;no&quot;,&quot;_ob_glider_is_slider&quot;:&quot;no&quot;}\">\r\n\t\t\t\t\t\t<div class=\"elementor-container elementor-column-gap-thegem\"><div class=\"elementor-row\">\r\n\t\t\t\t\t<div class=\"elementor-column elementor-col-100 elementor-top-column elementor-element elementor-element-kfcol\" data-id=\"kfcol\" data-element_type=\"column\" data-e-type=\"column\" data-settings=\"{&quot;_ob_bbad_is_stalker&quot;:&quot;no&quot;,&quot;_ob_teleporter_use&quot;:false,&quot;_ob_column_hoveranimator&quot;:&quot;no&quot;,&quot;_ob_column_has_pseudo&quot;:&quot;no&quot;}\">\n\t\t\t<div class=\"elementor-widget-wrap elementor-element-populated\">\n\t\t\t\t\t\t<div class=\"elementor-element elementor-element-kfh ob-harakiri-inherit flex-horizontal-align-default flex-horizontal-align-tablet-default flex-horizontal-align-mobile-default flex-vertical-align-default flex-vertical-align-tablet-default flex-vertical-align-mobile-default ob-has-background-overlay elementor-widget elementor-widget-heading\" data-id=\"kfh\" data-element_type=\"widget\" data-e-type=\"widget\" data-settings=\"{&quot;_ob_use_harakiri&quot;:&quot;yes&quot;,&quot;_ob_harakiri_writing_mode&quot;:&quot;inherit&quot;,&quot;_ob_harakiri_text_clip&quot;:&quot;none&quot;,&quot;_ob_perspektive_use&quot;:&quot;no&quot;,&quot;_ob_poopart_use&quot;:&quot;yes&quot;,&quot;_ob_shadough_use&quot;:&quot;no&quot;,&quot;_ob_allow_hoveranimator&quot;:&quot;no&quot;,&quot;_ob_widget_stalker_use&quot;:&quot;no&quot;}\" data-widget_type=\"heading.default\">\n\t\t\t\t<div class=\"elementor-widget-container\">\n\t\t\t\t\t<h2 class=\"elementor-heading-title elementor-size-default\">H\u00e4ufige Fragen zu Elektroumbau Kosten<\/h2>\t\t\t\t<\/div>\n\t\t\t\t<\/div>\n\t\t\t\t<div class=\"elementor-element elementor-element-kfdiv elementor-widget-divider--view-line flex-horizontal-align-default flex-horizontal-align-tablet-default flex-horizontal-align-mobile-default flex-vertical-align-default flex-vertical-align-tablet-default flex-vertical-align-mobile-default ob-has-background-overlay elementor-widget elementor-widget-divider\" data-id=\"kfdiv\" data-element_type=\"widget\" data-e-type=\"widget\" data-settings=\"{&quot;_ob_perspektive_use&quot;:&quot;no&quot;,&quot;_ob_poopart_use&quot;:&quot;yes&quot;,&quot;_ob_shadough_use&quot;:&quot;no&quot;,&quot;_ob_allow_hoveranimator&quot;:&quot;no&quot;,&quot;_ob_widget_stalker_use&quot;:&quot;no&quot;}\" data-widget_type=\"divider.default\">\n\t\t\t\t<div class=\"elementor-widget-container\">\n\t\t\t\t\t\t\t<div class=\"elementor-divider\">\n\t\t\t<span class=\"elementor-divider-separator\">\n\t\t\t\t\t\t<\/span>\n\t\t<\/div>\n\t\t\t\t\t\t<\/div>\n\t\t\t\t<\/div>\n\t\t\t\t<div class=\"elementor-element elementor-element-kftext ob-harakiri-inherit flex-horizontal-align-default flex-horizontal-align-tablet-default flex-horizontal-align-mobile-default flex-vertical-align-default flex-vertical-align-tablet-default flex-vertical-align-mobile-default ob-has-background-overlay elementor-widget elementor-widget-text-editor\" data-id=\"kftext\" data-element_type=\"widget\" data-e-type=\"widget\" data-settings=\"{&quot;_ob_use_harakiri&quot;:&quot;yes&quot;,&quot;_ob_harakiri_writing_mode&quot;:&quot;inherit&quot;,&quot;_ob_postman_use&quot;:&quot;no&quot;,&quot;_ob_perspektive_use&quot;:&quot;no&quot;,&quot;_ob_poopart_use&quot;:&quot;yes&quot;,&quot;_ob_shadough_use&quot;:&quot;no&quot;,&quot;_ob_allow_hoveranimator&quot;:&quot;no&quot;,&quot;_ob_widget_stalker_use&quot;:&quot;no&quot;}\" data-widget_type=\"text-editor.default\">\n\t\t\t\t<div class=\"elementor-widget-container\">\n\t\t\t\t\t\t\t\t\t\t\t\t<div class=\"elementor-text-editor elementor-clearfix\">\r\n\t\t\t\t\t\t<h3 style=\"color:#b6c6c9;font-size:20px;margin-top:30px;\">Gibt es F\u00f6rderungen f\u00fcr den Elektroumbau?<\/h3><p style=\"color:#ccc;\">Ja. In Deutschland gibt es verschiedene F\u00f6rderm\u00f6glichkeiten: Die <strong>BAFA-F\u00f6rderung<\/strong> f\u00fcr Elektrofahrzeuge (pr\u00fcfe die aktuelle Verf\u00fcgbarkeit), regionale <strong>Landesf\u00f6rderprogramme<\/strong> und steuerliche Vorteile wie die <strong>KFZ-Steuerbefreiung<\/strong> f\u00fcr 10 Jahre. Einige Bundesl\u00e4nder bieten zus\u00e4tzliche Zusch\u00fcsse f\u00fcr E-Fahrzeuge. Wir beraten dich gerne zu den aktuellen M\u00f6glichkeiten.<\/p><h3 style=\"color:#b6c6c9;font-size:20px;margin-top:30px;\">Lohnt sich der Elektroumbau finanziell?<\/h3><p style=\"color:#ccc;\">Das h\u00e4ngt vom Fahrzeug und der Nutzung ab. Bei einem Porsche 911, der durch den Umbau an Alltagstauglichkeit gewinnt und gleichzeitig seinen Sammlerwert beh\u00e4lt (dank Reversibilit\u00e4t), ist es oft eine kluge Investition. Bei VW-Modellen, die regelm\u00e4\u00dfig gefahren werden, amortisieren sich die niedrigeren Betriebskosten \u00fcber 5\u201310 Jahre. Und der ideelle Wert \u2013 leise, emissionsfreie Fahrten im Lieblingsoldtimer \u2013 ist unbezahlbar.<\/p><h3 style=\"color:#b6c6c9;font-size:20px;margin-top:30px;\">Kann ich den Umbau in Raten zahlen?<\/h3><p style=\"color:#ccc;\">Finanzierungsoptionen sind auf Anfrage verf\u00fcgbar. Sprich uns an \u2013 wir finden eine L\u00f6sung, die zu deinem Budget passt.<\/p><h3 style=\"color:#b6c6c9;font-size:20px;margin-top:30px;\">Was kostet der Umbau im Vergleich zu anderen Anbietern?<\/h3><p style=\"color:#ccc;\">ESDI EV bietet ein hervorragendes Preis-Leistungs-Verh\u00e4ltnis: T\u00dcV-gepr\u00fcfte Kits ab 24.990 \u20ac mit OEM-Qualit\u00e4t, vollst\u00e4ndiger Reversibilit\u00e4t und CCS-Schnellladen. Vergleichbare Anbieter in Deutschland verlangen oft 30\u201350% mehr f\u00fcr \u00e4hnliche Leistung. Unsere Kits sind zudem Plug-and-Play \u2013 das reduziert die Einbaukosten erheblich.<\/p><h3 style=\"color:#b6c6c9;font-size:20px;margin-top:30px;\">Wie lange ist die Garantie?<\/h3><p style=\"color:#ccc;\">2 Jahre auf alle Komponenten, 5 Jahre \/ 100.000 km auf die Batterie. Bei Einbau durch ESDI oder zertifizierte Partner zus\u00e4tzlich Einbaugarantie.<\/p>\t\t\t\t\t\t\t<\/div>\r\n\t\t\t\t\t\t\t\t\t\t<\/div>\n\t\t\t\t<\/div>\n\t\t\t\t<div class=\"elementor-element elementor-element-kcta ob-harakiri-inherit flex-horizontal-align-default flex-horizontal-align-tablet-default flex-horizontal-align-mobile-default flex-vertical-align-default flex-vertical-align-tablet-default flex-vertical-align-mobile-default ob-has-background-overlay elementor-widget elementor-widget-text-editor\" data-id=\"kcta\" data-element_type=\"widget\" data-e-type=\"widget\" data-settings=\"{&quot;_ob_use_harakiri&quot;:&quot;yes&quot;,&quot;_ob_harakiri_writing_mode&quot;:&quot;inherit&quot;,&quot;_ob_postman_use&quot;:&quot;no&quot;,&quot;_ob_perspektive_use&quot;:&quot;no&quot;,&quot;_ob_poopart_use&quot;:&quot;yes&quot;,&quot;_ob_shadough_use&quot;:&quot;no&quot;,&quot;_ob_allow_hoveranimator&quot;:&quot;no&quot;,&quot;_ob_widget_stalker_use&quot;:&quot;no&quot;}\" data-widget_type=\"text-editor.default\">\n\t\t\t\t<div class=\"elementor-widget-container\">\n\t\t\t\t\t\t\t\t\t\t\t\t<div class=\"elementor-text-editor elementor-clearfix\">\r\n\t\t\t\t\t\t<div style=\"text-align:center;margin-top:50px;padding:30px;background:#1a1a2e;border-radius:12px;border:1px solid #333;\"><h3 style=\"color:#fff;font-size:24px;margin-bottom:10px;\">Individuelles Angebot anfragen<\/h3><p style=\"color:#ccc;margin-bottom:20px;\">Jeder Umbau ist individuell. Sag uns, welches Fahrzeug du hast und was du dir vorstellst \u2013 wir erstellen dir ein ma\u00dfgeschneidertes Angebot.<\/p><a href=\"\/en\/kontakt\/\" style=\"display:inline-block;padding:14px 32px;background:transparent;border:2px solid #b6c6c9;color:#b6c6c9;text-decoration:none;font-weight:600;letter-spacing:1px;border-radius:4px;font-size:14px;\">REQUEST NOW<\/a><\/div>\t\t\t\t\t\t\t<\/div>\r\n\t\t\t\t\t\t\t\t\t\t<\/div>\n\t\t\t\t<\/div>\n\t\t\t\t\t<\/div>\n\t\t<\/div>\n\t\t\t\t\t<\/div><\/div>\r\n\t\t<\/section>\r\n\t\t\t\t<\/div>","protected":false},"excerpt":{"rendered":"<p>Elektroumbau Kosten: Der komplette Preisguide Sie m\u00f6chten wissen, welche Elektroumbau-Kosten auf Sie zukommen? In diesem \u00dcberblick erfahren Sie, was ein&#8230;<\/p>","protected":false},"author":1,"featured_media":5753,"parent":0,"menu_order":0,"comment_status":"closed","ping_status":"closed","template":"page-fullwidth.php","meta":{"footnotes":""},"class_list":["post-6409","page","type-page","status-publish","has-post-thumbnail"],"_links":{"self":[{"href":"https:\/\/esdi-ev.de\/en\/wp-json\/wp\/v2\/pages\/6409","targetHints":{"allow":["GET"]}}],"collection":[{"href":"https:\/\/esdi-ev.de\/en\/wp-json\/wp\/v2\/pages"}],"about":[{"href":"https:\/\/esdi-ev.de\/en\/wp-json\/wp\/v2\/types\/page"}],"author":[{"embeddable":true,"href":"https:\/\/esdi-ev.de\/en\/wp-json\/wp\/v2\/users\/1"}],"replies":[{"embeddable":true,"href":"https:\/\/esdi-ev.de\/en\/wp-json\/wp\/v2\/comments?post=6409"}],"version-history":[{"count":6,"href":"https:\/\/esdi-ev.de\/en\/wp-json\/wp\/v2\/pages\/6409\/revisions"}],"predecessor-version":[{"id":7803,"href":"https:\/\/esdi-ev.de\/en\/wp-json\/wp\/v2\/pages\/6409\/revisions\/7803"}],"wp:featuredmedia":[{"embeddable":true,"href":"https:\/\/esdi-ev.de\/en\/wp-json\/wp\/v2\/media\/5753"}],"wp:attachment":[{"href":"https:\/\/esdi-ev.de\/en\/wp-json\/wp\/v2\/media?parent=6409"}],"curies":[{"name":"wp","href":"https:\/\/api.w.org\/{rel}","templated":true}]}}